{"id":7166,"date":"2025-02-17T07:38:26","date_gmt":"2025-02-17T07:38:26","guid":{"rendered":"https:\/\/ritual.basme.md\/?page_id=7166"},"modified":"2025-02-17T08:24:38","modified_gmt":"2025-02-17T08:24:38","slug":"repatrierea-decedatilor-in-moldova","status":"publish","type":"page","link":"https:\/\/monumentevip.md\/ru\/repatrierea-decedatilor-in-moldova\/","title":{"rendered":"Repatrierea deceda\u021bilor \u00een Moldova"},"content":{"rendered":"<div class=\"wpb-content-wrapper\"><div data-vc-full-width=\"true\" data-vc-full-width-init=\"false\" class=\"vc_row wpb_row vc_row-fluid vc_custom_1629876973406 vc_row-has-fill vc_row-o-content-middle vc_row-flex wd-rs-6125f2d9a9f9b\"><div class=\"wpb_column vc_column_container vc_col-sm-12 vc_col-lg-4 vc_col-md-4 vc_col-xs-12 wd-rs-6125f2fa74bd9\"><div class=\"vc_column-inner vc_custom_1629876989711\"><div class=\"wpb_wrapper\">\n\t\t<div id=\"wd-67b2ee20940e6\" class=\"title-wrapper wd-wpb set-mb-s reset-last-child  wd-rs-67b2ee20940e6 wd-title-color-primary wd-title-style-default text-left vc_custom_1739779620971 wd-width-enabled wd-underline-colored\" style=\"--wd-max-width: 90%;\">\n\t\t\t\n\t\t\t<div class=\"liner-continer\">\n\t\t\t\t<h4 class=\"woodmart-title-container title  wd-font-weight- wd-fontsize-xxl\" >Repatrierea deceda\u021bilor \u00een Moldova<\/h4>\n\t\t\t\t\t\t\t<\/div>\n\t\t\t\n\t\t\t\n\t\t\t\n\t\t<\/div>\n\t\t\n\t\t<\/div><\/div><\/div><div class=\"wpb_column vc_column_container vc_col-sm-6 vc_col-lg-offset-1 vc_col-lg-3 vc_col-md-4 wd-rs-6125f2f5a2779\"><div class=\"vc_column-inner vc_custom_1629876984854\"><div class=\"wpb_wrapper\">\t\t\t<div class=\"info-box-wrapper\">\n\t\t\t\t<div id=\"wd-67b2ed0481c03\" class=\"wd-rs-67b2ed0481c03 cursor-pointer wd-info-box wd-wpb text-left box-icon-align-left box-style- color-scheme- wd-bg-none wd-items-top vc_custom_1739779336895\"  onclick=\"window.location.href=&quot;#&quot;\"  >\n\t\t\t\t\t\t\t\t\t\t<div class=\"info-box-content\">\n\t\t\t\t\t\t<h4 class=\"info-box-title title wd-font-weight- box-title-style-default wd-fontsize-m\">Transport<br \/>\nfunerar<\/h4>\t\t\t\t\t\t<div class=\"info-box-inner set-cont-mb-s reset-last-child\">\n\t\t\t\t\t\t\t<p>V\u0103 asigur\u0103m servicii de transport funerar interna\u021bional \u00een vederea repatrierii cu ma\u0219ini frigorifice, special autorizate. Pe toat\u0103 durata transportului sunt respectate condi\u021biile de p\u0103strare a trupului ne\u00eensufle\u021bit \u00een sicriu special din lemn \u0219i sicriu de zinc.<\/p>\n\t\t\t\t\t\t<\/div>\n\n\t\t\t\t\t\t\t\t\t\t\t<\/div>\n\n\t\t\t\t\t\t\t\t\t<\/div>\n\t\t\t<\/div>\n\t\t<\/div><\/div><\/div><div class=\"wpb_column vc_column_container vc_col-sm-6 vc_col-lg-offset-1 vc_col-lg-3 vc_col-md-4 wd-rs-6125f2efc6c08\"><div class=\"vc_column-inner vc_custom_1629876980184\"><div class=\"wpb_wrapper\">\t\t\t<div class=\"info-box-wrapper\">\n\t\t\t\t<div id=\"wd-67b2ed0c3cdf6\" class=\"wd-rs-67b2ed0c3cdf6 cursor-pointer wd-info-box wd-wpb text-left box-icon-align-left box-style- color-scheme- wd-bg-none wd-items-top vc_custom_1739779344128\"  onclick=\"window.location.href=&quot;#&quot;\"  >\n\t\t\t\t\t\t\t\t\t\t<div class=\"info-box-content\">\n\t\t\t\t\t\t<h4 class=\"info-box-title title wd-font-weight- box-title-style-default wd-fontsize-m\">Intocmire<br \/>\nacte<\/h4>\t\t\t\t\t\t<div class=\"info-box-inner set-cont-mb-s reset-last-child\">\n\t\t\t\t\t\t\t<p>Re\u021beaua noastr\u0103 de colaboratori ne permite s\u0103 \u00eentocmim pentru dumneavoastr\u0103 &#8211; \u00een \u021bara unde a avut loc decesul &#8211; toate actele necesare repatrierii. La cerere, v\u0103 putem asigura inclusiv serviciul de traducere \u0219i legalizare documente.<\/p>\n\t\t\t\t\t\t<\/div>\n\n\t\t\t\t\t\t\t\t\t\t\t<\/div>\n\n\t\t\t\t\t\t\t\t\t<\/div>\n\t\t\t<\/div>\n\t\t<\/div><\/div><\/div><\/div><div class=\"vc_row-full-width vc_clearfix\"><\/div><div class=\"vc_row wpb_row vc_row-fluid vc_custom_1629877038080 row-reverse-mobile row-reverse-tablet wd-rs-6125f32826e3d\"><div class=\"wpb_column vc_column_container vc_col-sm-12 vc_col-lg-6 vc_col-md-6 wd-rs-6125f30edad72\"><div class=\"vc_column-inner vc_custom_1629877010833\"><div class=\"wpb_wrapper\">\t\t<div id=\"wd-67b2e93ae9f33\" class=\"wd-image wd-wpb wd-rs-67b2e93ae9f33 text-left vc_custom_1739778407214\">\n\t\t\t\n\t\t\t<img loading=\"lazy\" decoding=\"async\" width=\"1024\" height=\"1024\" src=\"https:\/\/monumentevip.md\/wp-content\/uploads\/2025\/02\/repatriere-decedati-forum.webp\" class=\"attachment-full\" alt=\"\" title=\"repatriere-decedati-forum\" srcset=\"https:\/\/monumentevip.md\/wp-content\/uploads\/2025\/02\/repatriere-decedati-forum.webp 1024w, https:\/\/monumentevip.md\/wp-content\/uploads\/2025\/02\/repatriere-decedati-forum-300x300.webp 300w, https:\/\/monumentevip.md\/wp-content\/uploads\/2025\/02\/repatriere-decedati-forum-800x800.webp 800w, https:\/\/monumentevip.md\/wp-content\/uploads\/2025\/02\/repatriere-decedati-forum-150x150.webp 150w, https:\/\/monumentevip.md\/wp-content\/uploads\/2025\/02\/repatriere-decedati-forum-768x768.webp 768w, https:\/\/monumentevip.md\/wp-content\/uploads\/2025\/02\/repatriere-decedati-forum-12x12.webp 12w, https:\/\/monumentevip.md\/wp-content\/uploads\/2025\/02\/repatriere-decedati-forum-860x860.webp 860w, https:\/\/monumentevip.md\/wp-content\/uploads\/2025\/02\/repatriere-decedati-forum-430x430.webp 430w, https:\/\/monumentevip.md\/wp-content\/uploads\/2025\/02\/repatriere-decedati-forum-700x700.webp 700w\" sizes=\"auto, (max-width: 1024px) 100vw, 1024px\" \/>\n\t\t\t\t\t<\/div>\n\t\t<\/div><\/div><\/div><div class=\"wpb_column vc_column_container vc_col-sm-12 vc_col-lg-offset-1 vc_col-lg-5 vc_col-md-6 vc_col-xs-12 wd-rs-6125f320eb687\"><div class=\"vc_column-inner vc_custom_1629877027060\"><div class=\"wpb_wrapper\">\n\t\t<div id=\"wd-67b2f23c6154d\" class=\"title-wrapper wd-wpb set-mb-s reset-last-child  wd-rs-67b2f23c6154d wd-title-color-primary wd-title-style-default text-left vc_custom_1739780673638 wd-underline-colored\">\n\t\t\t\n\t\t\t<div class=\"liner-continer\">\n\t\t\t\t<h4 class=\"woodmart-title-container title  wd-font-weight- wd-fontsize-xxl\" >Repatrierea deceda\u021bilor \u00een Moldova<\/h4>\n\t\t\t\t\t\t\t<\/div>\n\t\t\t\n\t\t\t\n\t\t\t\n\t\t<\/div>\n\t\t\n\t\t\t\t<div id=\"wd-67b2e810eb3c8\" class=\"wd-text-block wd-wpb reset-last-child wd-rs-67b2e810eb3c8 text-left wd-fontsize-custom vc_custom_1739778067790\">\n\t\t\t<p>Dac\u0103 o persoan\u0103 drag\u0103 a decedat \u00een afacerea \u021b\u0103rii, speciali\u0219tii no\u0219tri v\u0103 pot oferi asisten\u021b\u0103 \u00een transportul corpului ne\u00eensufle\u021bit \u00een Moldova.<\/p>\n<p>Repatrierea decedatului este un proces complicat, care implic\u0103 nu doar dispunerea unui vehicul preg\u0103tit \u0219i a unui personal calificat, ci \u0219i rezolvarea unor numeroase proceduri administrative. Fiecare \u021bar\u0103 are propriile cerin\u021be pentru documentele necesare, iar f\u0103r\u0103 ajutorul nostru, acest proces poate dura s\u0103pt\u0103m\u00e2ni \u00eentregi.<\/p>\n<p>Cu o experien\u021b\u0103 vast\u0103 \u00een domeniul repatrierii persoanelor decedate \u00een Moldova, echipa vipmonumente.md va \u00eentocmi rapid documenta\u021bia necesar\u0103, va asigura transportul adecvat \u0219i va aduce trupul ne\u00eensufle\u021bit \u00een cel mai scurt timp posibil la destina\u021bie.<\/p>\n<p>Oferim servicii de repatriere a deceda\u021bilor din Rusia, Ucraina \u0219i alte \u021b\u0103ri CSI, dar \u0219i din statele Uniunii Europene: Italia, Regatul Unit, Germania, Fran\u021ba, Polonia, Spania, Portugalia \u0219i multe altele.<\/p>\n\t\t<\/div>\n\t\t<\/div><\/div><\/div><\/div><div class=\"vc_row wpb_row vc_row-fluid vc_custom_1629877050232 wd-rs-6125f332edbdf\"><div class=\"wpb_column vc_column_container vc_col-sm-12\"><div class=\"vc_column-inner vc_custom_1615616838746\"><div class=\"wpb_wrapper\">\n\t\t<div id=\"wd-67b2e8f2bcabc\" class=\"title-wrapper wd-wpb set-mb-s reset-last-child  wd-rs-67b2e8f2bcabc wd-title-color-primary wd-title-style-default text-center  wd-underline-colored\">\n\t\t\t\n\t\t\t<div class=\"liner-continer\">\n\t\t\t\t<h4 class=\"woodmart-title-container title  wd-font-weight- wd-fontsize-xxl\" >De ce s\u0103 alege\u021bi serviciile noastre?<\/h4>\n\t\t\t\t\t\t\t<\/div>\n\t\t\t\n\t\t\t\t\t\t\t<div class=\"title-after_title  set-cont-mb-s reset-last-child  wd-fontsize-s\">Pentru c\u0103 v\u0103 suntem al\u0103turi cu:<\/div>\n\t\t\t\n\t\t\t\n\t\t<\/div>\n\t\t\n\t\t<\/div><\/div><\/div><div class=\"wpb_column vc_column_container vc_col-sm-6 vc_col-lg-3 vc_col-md-3 vc_col-xs-12\"><div class=\"vc_column-inner vc_custom_1615815117241\"><div class=\"wpb_wrapper\">\t\t\t<div class=\"info-box-wrapper\">\n\t\t\t\t<div id=\"wd-67b2edf160b30\" class=\"wd-rs-67b2edf160b30 cursor-pointer wd-info-box wd-wpb text-left box-icon-align-left box-style- color-scheme- wd-bg-none wd-items-top vc_custom_1739779573303\"  onclick=\"window.location.href=&quot;#&quot;\"  >\n\t\t\t\t\t\t\t\t\t\t<div class=\"info-box-content\">\n\t\t\t\t\t\t<h4 class=\"info-box-title title wd-font-weight- box-title-style-default wd-fontsize-m\">Cost 0<br \/>\nrepatriere deceda\u0163i<\/h4>\t\t\t\t\t\t<div class=\"info-box-inner set-cont-mb-s reset-last-child\">\n\t\t\t\t\t\t\t<p>Putem efectua repatrierea persoanei dragi la costuri 0 pentru dumneavoastr\u0103, dac\u0103 persoana decedat\u0103 a fost titulara unei poli\u0163e de asigurare de via\u0163\u0103. Noi ne vom ocupa de toate formalit\u0103\u0163ile \u015fi ne vom recupera cheltuielile direct de la asigurator.<\/p>\n\t\t\t\t\t\t<\/div>\n\n\t\t\t\t\t\t\t\t\t\t\t<\/div>\n\n\t\t\t\t\t\t\t\t\t<\/div>\n\t\t\t<\/div>\n\t\t<\/div><\/div><\/div><div class=\"wpb_column vc_column_container vc_col-sm-6 vc_col-lg-3 vc_col-md-3 vc_col-xs-12\"><div class=\"vc_column-inner vc_custom_1615815121127\"><div class=\"wpb_wrapper\">\t\t\t<div class=\"info-box-wrapper\">\n\t\t\t\t<div id=\"wd-67b2ede62d4b2\" class=\"wd-rs-67b2ede62d4b2 cursor-pointer wd-info-box wd-wpb text-left box-icon-align-left box-style- color-scheme- wd-bg-none wd-items-top vc_custom_1739779563388\"  onclick=\"window.location.href=&quot;#&quot;\"  >\n\t\t\t\t\t\t\t\t\t\t<div class=\"info-box-content\">\n\t\t\t\t\t\t<h4 class=\"info-box-title title wd-font-weight- box-title-style-default wd-fontsize-m\">Promptitudine \u0219i<br \/>\nprofesionalism<\/h4>\t\t\t\t\t\t<div class=\"info-box-inner set-cont-mb-s reset-last-child\">\n\t\t\t\t\t\t\t<p>Promtitudinea este unul dintre punctele noastre forte. Logistica \u0219i personalul nostru cu experien\u021b\u0103 \u00een domeniu ne permit \u00eentocmirea tuturor actelor necesare \u0219i efectuarea serviciului de repatrieri deceda\u021bi \u00eentr-un timp foarte scurt, cu maxim de profesionalism.<\/p>\n\t\t\t\t\t\t<\/div>\n\n\t\t\t\t\t\t\t\t\t\t\t<\/div>\n\n\t\t\t\t\t\t\t\t\t<\/div>\n\t\t\t<\/div>\n\t\t<\/div><\/div><\/div><div class=\"wpb_column vc_column_container vc_col-sm-6 vc_col-lg-3 vc_col-md-3 vc_col-xs-12\"><div class=\"vc_column-inner vc_custom_1615815129451\"><div class=\"wpb_wrapper\">\t\t\t<div class=\"info-box-wrapper\">\n\t\t\t\t<div id=\"wd-67b2eddd188b0\" class=\"wd-rs-67b2eddd188b0 cursor-pointer wd-info-box wd-wpb text-left box-icon-align-left box-style- color-scheme- wd-bg-none wd-items-top vc_custom_1739779553476\"  onclick=\"window.location.href=&quot;#&quot;\"  >\n\t\t\t\t\t\t\t\t\t\t<div class=\"info-box-content\">\n\t\t\t\t\t\t<h4 class=\"info-box-title title wd-font-weight- box-title-style-default wd-fontsize-m\">Pre\u021buri<br \/>\naccesibile<\/h4>\t\t\t\t\t\t<div class=\"info-box-inner set-cont-mb-s reset-last-child\">\n\t\t\t\t\t\t\t<\/p>\n<div class=\"box-card\">\n<p>V\u0103 punem la dispozi\u021bie serviciul de repatriere la pre\u021buri avantajoase. Costul este calculat pe loc, individual, lu\u00e2nd \u00een calcul: num\u0103rul de kilometri, costuri pentru ob\u021binerea documentelor, \u00eemb\u0103ls\u0103marea, manipularea, depozitarea la camera frigorific\u0103 etc.<\/p>\n<\/div>\n<div class=\"box-card\">\n<div class=\"box-card-head\"><\/div>\n<\/div>\n<p>\n\t\t\t\t\t\t<\/div>\n\n\t\t\t\t\t\t\t\t\t\t\t<\/div>\n\n\t\t\t\t\t\t\t\t\t<\/div>\n\t\t\t<\/div>\n\t\t<\/div><\/div><\/div><\/div>\n<\/div>","protected":false},"excerpt":{"rendered":"Repatrierea deceda\u021bilor \u00een Moldova Transport funerar V\u0103 asigur\u0103m servicii de transport funerar interna\u021bional \u00een vederea repatrierii cu ma\u0219ini frigorifice, special","protected":false},"author":1,"featured_media":0,"parent":0,"menu_order":0,"comment_status":"closed","ping_status":"closed","template":"","meta":{"footnotes":""},"class_list":["post-7166","page","type-page","status-publish","hentry"],"yoast_head":"<!-- This site is optimized with the Yoast SEO plugin v24.7 - https:\/\/yoast.com\/wordpress\/plugins\/seo\/ -->\n<title>Repatrierea deceda\u021bilor \u00een Moldova - MonumenteVIP<\/title>\n<meta name=\"robots\" content=\"index, follow, max-snippet:-1, max-image-preview:large, max-video-preview:-1\" \/>\n<link rel=\"canonical\" href=\"https:\/\/monumentevip.md\/ru\/repatrierea-decedatilor-in-moldova\/\" \/>\n<meta property=\"og:locale\" content=\"ru_RU\" \/>\n<meta property=\"og:type\" content=\"article\" \/>\n<meta property=\"og:title\" content=\"Repatrierea deceda\u021bilor \u00een Moldova - MonumenteVIP\" \/>\n<meta property=\"og:url\" content=\"https:\/\/monumentevip.md\/ru\/repatrierea-decedatilor-in-moldova\/\" \/>\n<meta property=\"og:site_name\" content=\"MonumenteVIP\" \/>\n<meta property=\"article:modified_time\" content=\"2025-02-17T08:24:38+00:00\" \/>\n<meta name=\"twitter:card\" content=\"summary_large_image\" \/>\n<meta name=\"twitter:label1\" content=\"\u041f\u0440\u0438\u043c\u0435\u0440\u043d\u043e\u0435 \u0432\u0440\u0435\u043c\u044f \u0434\u043b\u044f \u0447\u0442\u0435\u043d\u0438\u044f\" \/>\n\t<meta name=\"twitter:data1\" content=\"11 \u043c\u0438\u043d\u0443\u0442\" \/>\n<script type=\"application\/ld+json\" class=\"yoast-schema-graph\">{\"@context\":\"https:\/\/schema.org\",\"@graph\":[{\"@type\":\"WebPage\",\"@id\":\"https:\/\/monumentevip.md\/repatrierea-decedatilor-in-moldova\/\",\"url\":\"https:\/\/monumentevip.md\/repatrierea-decedatilor-in-moldova\/\",\"name\":\"Repatrierea deceda\u021bilor \u00een Moldova - MonumenteVIP\",\"isPartOf\":{\"@id\":\"https:\/\/monumentevip.md\/#website\"},\"datePublished\":\"2025-02-17T07:38:26+00:00\",\"dateModified\":\"2025-02-17T08:24:38+00:00\",\"breadcrumb\":{\"@id\":\"https:\/\/monumentevip.md\/repatrierea-decedatilor-in-moldova\/#breadcrumb\"},\"inLanguage\":\"ru-RU\",\"potentialAction\":[{\"@type\":\"ReadAction\",\"target\":[\"https:\/\/monumentevip.md\/repatrierea-decedatilor-in-moldova\/\"]}]},{\"@type\":\"BreadcrumbList\",\"@id\":\"https:\/\/monumentevip.md\/repatrierea-decedatilor-in-moldova\/#breadcrumb\",\"itemListElement\":[{\"@type\":\"ListItem\",\"position\":1,\"name\":\"Prima pagin\u0103\",\"item\":\"https:\/\/monumentevip.md\/\"},{\"@type\":\"ListItem\",\"position\":2,\"name\":\"Repatrierea deceda\u021bilor \u00een Moldova\"}]},{\"@type\":\"WebSite\",\"@id\":\"https:\/\/monumentevip.md\/#website\",\"url\":\"https:\/\/monumentevip.md\/\",\"name\":\"MonumenteVIP\",\"description\":\"\",\"potentialAction\":[{\"@type\":\"SearchAction\",\"target\":{\"@type\":\"EntryPoint\",\"urlTemplate\":\"https:\/\/monumentevip.md\/?s={search_term_string}\"},\"query-input\":{\"@type\":\"PropertyValueSpecification\",\"valueRequired\":true,\"valueName\":\"search_term_string\"}}],\"inLanguage\":\"ru-RU\"}]}<\/script>\n<!-- \/ Yoast SEO plugin. -->","yoast_head_json":{"title":"Repatrierea deceda\u021bilor \u00een Moldova - MonumenteVIP","robots":{"index":"index","follow":"follow","max-snippet":"max-snippet:-1","max-image-preview":"max-image-preview:large","max-video-preview":"max-video-preview:-1"},"canonical":"https:\/\/monumentevip.md\/ru\/repatrierea-decedatilor-in-moldova\/","og_locale":"ru_RU","og_type":"article","og_title":"Repatrierea deceda\u021bilor \u00een Moldova - MonumenteVIP","og_url":"https:\/\/monumentevip.md\/ru\/repatrierea-decedatilor-in-moldova\/","og_site_name":"MonumenteVIP","article_modified_time":"2025-02-17T08:24:38+00:00","twitter_card":"summary_large_image","twitter_misc":{"\u041f\u0440\u0438\u043c\u0435\u0440\u043d\u043e\u0435 \u0432\u0440\u0435\u043c\u044f \u0434\u043b\u044f \u0447\u0442\u0435\u043d\u0438\u044f":"11 \u043c\u0438\u043d\u0443\u0442"},"schema":{"@context":"https:\/\/schema.org","@graph":[{"@type":"WebPage","@id":"https:\/\/monumentevip.md\/repatrierea-decedatilor-in-moldova\/","url":"https:\/\/monumentevip.md\/repatrierea-decedatilor-in-moldova\/","name":"Repatrierea deceda\u021bilor \u00een Moldova - MonumenteVIP","isPartOf":{"@id":"https:\/\/monumentevip.md\/#website"},"datePublished":"2025-02-17T07:38:26+00:00","dateModified":"2025-02-17T08:24:38+00:00","breadcrumb":{"@id":"https:\/\/monumentevip.md\/repatrierea-decedatilor-in-moldova\/#breadcrumb"},"inLanguage":"ru-RU","potentialAction":[{"@type":"ReadAction","target":["https:\/\/monumentevip.md\/repatrierea-decedatilor-in-moldova\/"]}]},{"@type":"BreadcrumbList","@id":"https:\/\/monumentevip.md\/repatrierea-decedatilor-in-moldova\/#breadcrumb","itemListElement":[{"@type":"ListItem","position":1,"name":"Prima pagin\u0103","item":"https:\/\/monumentevip.md\/"},{"@type":"ListItem","position":2,"name":"Repatrierea deceda\u021bilor \u00een Moldova"}]},{"@type":"WebSite","@id":"https:\/\/monumentevip.md\/#website","url":"https:\/\/monumentevip.md\/","name":"MonumenteVIP","description":"","potentialAction":[{"@type":"SearchAction","target":{"@type":"EntryPoint","urlTemplate":"https:\/\/monumentevip.md\/?s={search_term_string}"},"query-input":{"@type":"PropertyValueSpecification","valueRequired":true,"valueName":"search_term_string"}}],"inLanguage":"ru-RU"}]}},"_links":{"self":[{"href":"https:\/\/monumentevip.md\/ru\/wp-json\/wp\/v2\/pages\/7166","targetHints":{"allow":["GET"]}}],"collection":[{"href":"https:\/\/monumentevip.md\/ru\/wp-json\/wp\/v2\/pages"}],"about":[{"href":"https:\/\/monumentevip.md\/ru\/wp-json\/wp\/v2\/types\/page"}],"author":[{"embeddable":true,"href":"https:\/\/monumentevip.md\/ru\/wp-json\/wp\/v2\/users\/1"}],"replies":[{"embeddable":true,"href":"https:\/\/monumentevip.md\/ru\/wp-json\/wp\/v2\/comments?post=7166"}],"version-history":[{"count":16,"href":"https:\/\/monumentevip.md\/ru\/wp-json\/wp\/v2\/pages\/7166\/revisions"}],"predecessor-version":[{"id":7193,"href":"https:\/\/monumentevip.md\/ru\/wp-json\/wp\/v2\/pages\/7166\/revisions\/7193"}],"wp:attachment":[{"href":"https:\/\/monumentevip.md\/ru\/wp-json\/wp\/v2\/media?parent=7166"}],"curies":[{"name":"wp","href":"https:\/\/api.w.org\/{rel}","templated":true}]}}